{"id":13018,"date":"2023-04-11T11:48:17","date_gmt":"2023-04-11T09:48:17","guid":{"rendered":"https:\/\/swiat-tektury.pl\/?post_type=product&#038;p=13018"},"modified":"2023-09-18T13:17:49","modified_gmt":"2023-09-18T11:17:49","slug":"totem-modulowy","status":"publish","type":"product","link":"https:\/\/swiat-tektury.pl\/en\/product\/totem-modulowy\/","title":{"rendered":"Modular totem"},"content":{"rendered":"<div class=\"_1voj4 _z9prt _1xzdi _ai5yc _5d6n2 _15lj1\">\n<div class=\"_2d49e_5pK0q\">\n<div class=\"_1voj4 _z9prt _1xzdi _ai5yc _5d6n2 _15lj1\">\n<div class=\"_2d49e_5pK0q\">\n<div class=\"_1voj4 _z9prt _1xzdi _ai5yc _5d6n2 _15lj1\">\n<div class=\"_2d49e_5pK0q\">\n<div class=\"_1voj4 _z9prt _1xzdi _ai5yc _5d6n2 _15lj1\">\n<div class=\"_2d49e_5pK0q\">\n<p><strong>Tektura<\/strong> to od lat niedoceniany surowiec. Pozwala na konstruowanie niebanalnych i w pe\u0142ni funkcjonalnych <strong>kartonowych mebli<\/strong>.<\/p>\n<p>Nasze <strong>meble<\/strong> s\u0105 nie tylko eleganckie, ale r\u00f3wnie\u017c wygodne i trwa\u0142e. Monta\u017c nie wymaga narz\u0119dzi, a kiedy nie b\u0119dziesz ich potrzebowa\u0142, w ka\u017cdej chwili mo\u017cesz je roz\u0142o\u017cy\u0107 i schowa\u0107 np. za szaf\u0119.<\/p>\n<p><strong>Meble z tektury<\/strong> ociepl\u0105 ka\u017cde wn\u0119trze. \u015awietnie odnajd\u0105 si\u0119 w\u015br\u00f3d tradycyjnych <strong>mebli<\/strong>, ale mo\u017cecie te\u017c urz\u0105dzi\u0107 swoje pomieszczenia w ca\u0142o\u015bci z <strong>tektury<\/strong>.<\/p>\n<p><strong>Totem reklamowy modu\u0142owy z tektury. Istnieje mo\u017cliwo\u015b\u0107 naniesienia grafiki do nadruku &#8211; przy sk\u0142adaniu zam\u00f3wienia nale\u017cy skorzysta\u0107 z kreatora. <\/strong><\/p>\n<p><strong>Koszt druku jest wliczony w cen\u0119 produktu.<\/strong><\/p>\n<div class=\"_1voj4 _z9prt _1xzdi _ai5yc _5d6n2 _15lj1\">\n<div class=\"_2d49e_5pK0q\">\n<p>Przedmiotem sprzeda\u017cy jest totem<b>\u00a0reklamowy<\/b>\u00a0wykonany z pi\u0119ciowarstwowej tektury falistej o gramaturze a\u017c <strong>1090<\/strong><b>\u00a0g\/m2.<\/b><\/p>\n<\/div>\n<\/div>\n<\/div>\n<\/div>\n<\/div>\n<\/div>\n<div class=\"_1voj4 _z9prt _1xzdi _ai5yc _5d6n2 _15lj1\">\n<div class=\"_2d49e_5pK0q\">\n<h2>Dodatkowe informacje<\/h2>\n<h2><b style=\"color: #333333; font-size: 1rem;\">Wymiary stojaka <\/b><b style=\"color: #333333; font-size: 1rem;\">[g\u0142. x szer x wys.]:<\/b><span style=\"color: #333333; font-size: 1rem;\"> 60 cm x 60 cm x 220 cm.<\/span><\/h2>\n<p>&nbsp;<\/p>\n<\/div>\n<\/div>\n<div class=\"_1voj4 _z9prt _1xzdi _ai5yc _5d6n2 _15lj1\">\n<div class=\"_2d49e_5pK0q\">\n<p>Do z\u0142o\u017cenia naszych <strong>mebli<\/strong> nie potrzebne s\u0105 \u017cadne narz\u0119dzia. Do ka\u017cdego zestawu do\u0142\u0105czona jest instrukcja monta\u017cu, a ca\u0142y process trwa zaledwie kilka minut.<\/p>\n\n<div id=\"rev_slider_11_1_wrapper\" class=\"rev_slider_wrapper fullwidthbanner-container\" data-source=\"gallery\" style=\"margin:0px auto;background:transparent;padding:0px;margin-top:0px;margin-bottom:0px;\">\n<!-- START REVOLUTION SLIDER 5.4.8.1 fullwidth mode -->\n\t<div id=\"rev_slider_11_1\" class=\"rev_slider fullwidthabanner\" style=\"display:none;\" data-version=\"5.4.8.1\">\n<ul>\t<!-- SLIDE  -->\n\t<li data-index=\"rs-25\" data-transition=\"fade\" data-slotamount=\"default\" data-hideafterloop=\"0\" data-hideslideonmobile=\"off\"  data-easein=\"default\" data-easeout=\"default\" data-masterspeed=\"300\"  data-rotate=\"0\"  data-saveperformance=\"off\"  data-title=\"Tektura - zawarto\u015b\u0107\" data-param1=\"\" data-param2=\"\" data-param3=\"\" data-param4=\"\" data-param5=\"\" data-param6=\"\" data-param7=\"\" data-param8=\"\" data-param9=\"\" data-param10=\"\" data-description=\"\">\n\t\t<!-- MAIN IMAGE -->\n\t\t<img fetchpriority=\"high\" decoding=\"async\" src=\"https:\/\/swiat-tektury.pl\/wp-content\/uploads\/2024\/09\/Meble-z-tektury-sklad.jpg\"  alt=\"\" title=\"Meble z tektury &#8211; sk\u0142ad\"  width=\"1920\" height=\"1440\" data-bgposition=\"center center\" data-bgfit=\"contain\" data-bgrepeat=\"no-repeat\" class=\"rev-slidebg\" data-no-retina>\n\t\t<!-- LAYERS -->\n\t<\/li>\n<\/ul>\n<div class=\"tp-bannertimer tp-bottom\" style=\"visibility: hidden !important;\"><\/div>\t<\/div>\n<script>var htmlDiv = document.getElementById(\"rs-plugin-settings-inline-css\"); var htmlDivCss=\"\";\n\t\t\t\tif(htmlDiv) {\n\t\t\t\t\thtmlDiv.innerHTML = htmlDiv.innerHTML + htmlDivCss;\n\t\t\t\t}else{\n\t\t\t\t\tvar htmlDiv = document.createElement(\"div\");\n\t\t\t\t\thtmlDiv.innerHTML = \"<style>\" + htmlDivCss + \"<\/style>\";\n\t\t\t\t\tdocument.getElementsByTagName(\"head\")[0].appendChild(htmlDiv.childNodes[0]);\n\t\t\t\t}\n\t\t\t<\/script>\n\t\t<script type=\"text\/javascript\">\nif (setREVStartSize!==undefined) setREVStartSize(\n\t{c: '#rev_slider_11_1', gridwidth: [1240], gridheight: [868], sliderLayout: 'auto'});\n\t\t\t\nvar revapi11,\n\ttpj;\t\n(function() {\t\t\t\n\tif (!\/loaded|interactive|complete\/.test(document.readyState)) document.addEventListener(\"DOMContentLoaded\",onLoad); else onLoad();\t\n\tfunction onLoad() {\t\t\t\t\n\t\tif (tpj===undefined) { tpj = jQuery; if(\"off\" == \"on\") tpj.noConflict();}\n\tif(tpj(\"#rev_slider_11_1\").revolution == undefined){\n\t\trevslider_showDoubleJqueryError(\"#rev_slider_11_1\");\n\t}else{\n\t\trevapi11 = tpj(\"#rev_slider_11_1\").show().revolution({\n\t\t\tsliderType:\"hero\",\n\t\t\tjsFileLocation:\"\/\/swiat-tektury.pl\/wp-content\/plugins\/revslider\/public\/assets\/js\/\",\n\t\t\tsliderLayout:\"auto\",\n\t\t\tdottedOverlay:\"none\",\n\t\t\tdelay:9000,\n\t\t\tvisibilityLevels:[1240,1024,778,480],\n\t\t\tgridwidth:1240,\n\t\t\tgridheight:868,\n\t\t\tlazyType:\"none\",\n\t\t\tshadow:0,\n\t\t\tspinner:\"spinner0\",\n\t\t\tautoHeight:\"on\",\n\t\t\tdisableProgressBar:\"on\",\n\t\t\thideThumbsOnMobile:\"off\",\n\t\t\thideSliderAtLimit:0,\n\t\t\thideCaptionAtLimit:0,\n\t\t\thideAllCaptionAtLilmit:0,\n\t\t\tdebugMode:false,\n\t\t\tfallbacks: {\n\t\t\t\tsimplifyAll:\"off\",\n\t\t\t\tdisableFocusListener:false,\n\t\t\t}\n\t\t});\n\t}; \/* END OF revapi call *\/\n\t\n }; \/* END OF ON LOAD FUNCTION *\/\n}()); \/* END OF WRAPPING FUNCTION *\/\n<\/script>\n\t\t<\/div><!-- END REVOLUTION SLIDER -->\n<\/div>\n<\/div>\n<\/div>\n<\/div>\n<\/div>\n<\/div>","protected":false},"excerpt":{"rendered":"<p>Ekologiczny totem modu\u0142owy z tektury.<\/p>","protected":false},"featured_media":13020,"template":"","meta":[],"product_brand":[],"product_cat":[15],"product_tag":[331,291,167,208,166,288,287,284,21,20,293,330,181,180,165,285,286,332,192],"class_list":{"0":"post-13018","1":"product","2":"type-product","3":"status-publish","4":"has-post-thumbnail","6":"product_cat-meble-dla-firm","7":"product_tag-baner-reklamowy","8":"product_tag-druk-uv","9":"product_tag-eko","10":"product_tag-ekologia","11":"product_tag-karton","12":"product_tag-kartonowe-meble","13":"product_tag-meble-eventowe","14":"product_tag-meble-konferencyjne","15":"product_tag-meble-z-kartonu","16":"product_tag-meble-z-tektury","17":"product_tag-regal-z-tektury","18":"product_tag-rollup","19":"product_tag-stoisko-targowe","20":"product_tag-targi","21":"product_tag-tektura","22":"product_tag-tektura-falista","23":"product_tag-tekturowe-meble","24":"product_tag-totem-reklamowy","25":"product_tag-zero-waste","26":"pa_meble-z-tektury-potykacze-banery-reklamowe","28":"first","29":"instock","30":"taxable","31":"shipping-taxable","32":"purchasable","33":"product-type-simple"},"yoast_head":"<!-- This site is optimized with the Yoast SEO plugin v26.0 - https:\/\/yoast.com\/wordpress\/plugins\/seo\/ -->\n<title>Totem modu\u0142owy | \u015bwiat-tektury.pl<\/title>\n<meta name=\"description\" content=\"Ekologiczny ekspozytor modu\u0142owy z tektury. Meble z tektury ociepl\u0105 ka\u017cde wn\u0119trze. \u015awietnie odnajd\u0105 si\u0119 w\u015br\u00f3d tradycyjnych mebli, ale mo\u017cecie te\u017c urz\u0105dzi\u0107 swoje pomieszczenia w ca\u0142o\u015bci z tektury.\" \/>\n<meta name=\"robots\" content=\"index, follow, max-snippet:-1, max-image-preview:large, max-video-preview:-1\" \/>\n<link rel=\"canonical\" href=\"https:\/\/swiat-tektury.pl\/en\/product\/totem-modulowy\/\" \/>\n<meta property=\"og:locale\" content=\"en_GB\" \/>\n<meta property=\"og:type\" content=\"article\" \/>\n<meta property=\"og:title\" content=\"Totem modu\u0142owy | \u015bwiat-tektury.pl\" \/>\n<meta property=\"og:description\" content=\"Ekologiczny ekspozytor modu\u0142owy z tektury. Meble z tektury ociepl\u0105 ka\u017cde wn\u0119trze. \u015awietnie odnajd\u0105 si\u0119 w\u015br\u00f3d tradycyjnych mebli, ale mo\u017cecie te\u017c urz\u0105dzi\u0107 swoje pomieszczenia w ca\u0142o\u015bci z tektury.\" \/>\n<meta property=\"og:url\" content=\"https:\/\/swiat-tektury.pl\/en\/product\/totem-modulowy\/\" \/>\n<meta property=\"og:site_name\" content=\"\u015bwiat-tektury.pl\" \/>\n<meta property=\"article:publisher\" content=\"https:\/\/www.facebook.com\/swiattektury\/\" \/>\n<meta property=\"article:modified_time\" content=\"2023-09-18T11:17:49+00:00\" \/>\n<meta property=\"og:image\" content=\"https:\/\/swiat-tektury.pl\/wp-content\/uploads\/2023\/04\/Totem-modulowy.jpg\" \/>\n\t<meta property=\"og:image:width\" content=\"1920\" \/>\n\t<meta property=\"og:image:height\" content=\"1920\" \/>\n\t<meta property=\"og:image:type\" content=\"image\/jpeg\" \/>\n<meta name=\"twitter:card\" content=\"summary_large_image\" \/>\n<meta name=\"twitter:label1\" content=\"Estimated reading time\" \/>\n\t<meta name=\"twitter:data1\" content=\"1 minute\" \/>\n<script type=\"application\/ld+json\" class=\"yoast-schema-graph\">{\"@context\":\"https:\/\/schema.org\",\"@graph\":[{\"@type\":\"WebPage\",\"@id\":\"https:\/\/swiat-tektury.pl\/produkt\/totem-modulowy\/\",\"url\":\"https:\/\/swiat-tektury.pl\/produkt\/totem-modulowy\/\",\"name\":\"Totem modu\u0142owy | \u015bwiat-tektury.pl\",\"isPartOf\":{\"@id\":\"http:\/\/swiat-tektury.pl\/en\/#website\"},\"primaryImageOfPage\":{\"@id\":\"https:\/\/swiat-tektury.pl\/produkt\/totem-modulowy\/#primaryimage\"},\"image\":{\"@id\":\"https:\/\/swiat-tektury.pl\/produkt\/totem-modulowy\/#primaryimage\"},\"thumbnailUrl\":\"https:\/\/swiat-tektury.pl\/wp-content\/uploads\/2023\/04\/Totem-modulowy.jpg\",\"datePublished\":\"2023-04-11T09:48:17+00:00\",\"dateModified\":\"2023-09-18T11:17:49+00:00\",\"description\":\"Ekologiczny ekspozytor modu\u0142owy z tektury. Meble z tektury ociepl\u0105 ka\u017cde wn\u0119trze. \u015awietnie odnajd\u0105 si\u0119 w\u015br\u00f3d tradycyjnych mebli, ale mo\u017cecie te\u017c urz\u0105dzi\u0107 swoje pomieszczenia w ca\u0142o\u015bci z tektury.\",\"breadcrumb\":{\"@id\":\"https:\/\/swiat-tektury.pl\/produkt\/totem-modulowy\/#breadcrumb\"},\"inLanguage\":\"en-GB\",\"potentialAction\":[{\"@type\":\"ReadAction\",\"target\":[\"https:\/\/swiat-tektury.pl\/produkt\/totem-modulowy\/\"]}]},{\"@type\":\"ImageObject\",\"inLanguage\":\"en-GB\",\"@id\":\"https:\/\/swiat-tektury.pl\/produkt\/totem-modulowy\/#primaryimage\",\"url\":\"https:\/\/swiat-tektury.pl\/wp-content\/uploads\/2023\/04\/Totem-modulowy.jpg\",\"contentUrl\":\"https:\/\/swiat-tektury.pl\/wp-content\/uploads\/2023\/04\/Totem-modulowy.jpg\",\"width\":1920,\"height\":1920},{\"@type\":\"BreadcrumbList\",\"@id\":\"https:\/\/swiat-tektury.pl\/produkt\/totem-modulowy\/#breadcrumb\",\"itemListElement\":[{\"@type\":\"ListItem\",\"position\":1,\"name\":\"Strona g\u0142\u00f3wna\",\"item\":\"http:\/\/swiat-tektury.pl\/en\/\"},{\"@type\":\"ListItem\",\"position\":2,\"name\":\"Sklep\",\"item\":\"http:\/\/swiat-tektury.pl\/sklep\/\"},{\"@type\":\"ListItem\",\"position\":3,\"name\":\"Totem modu\u0142owy\"}]},{\"@type\":\"WebSite\",\"@id\":\"http:\/\/swiat-tektury.pl\/en\/#website\",\"url\":\"http:\/\/swiat-tektury.pl\/en\/\",\"name\":\"\u015bwiat-tektury.pl\",\"description\":\"Ekologiczne meble z tektury\",\"publisher\":{\"@id\":\"http:\/\/swiat-tektury.pl\/en\/#organization\"},\"potentialAction\":[{\"@type\":\"SearchAction\",\"target\":{\"@type\":\"EntryPoint\",\"urlTemplate\":\"http:\/\/swiat-tektury.pl\/en\/?s={search_term_string}\"},\"query-input\":{\"@type\":\"PropertyValueSpecification\",\"valueRequired\":true,\"valueName\":\"search_term_string\"}}],\"inLanguage\":\"en-GB\"},{\"@type\":\"Organization\",\"@id\":\"http:\/\/swiat-tektury.pl\/en\/#organization\",\"name\":\"\u015awiat tektury\",\"url\":\"http:\/\/swiat-tektury.pl\/en\/\",\"logo\":{\"@type\":\"ImageObject\",\"inLanguage\":\"en-GB\",\"@id\":\"http:\/\/swiat-tektury.pl\/en\/#\/schema\/logo\/image\/\",\"url\":\"https:\/\/swiat-tektury.pl\/wp-content\/uploads\/2019\/10\/WIAT-TEKTURY-LOGOTYP-01-e1572440309804.png\",\"contentUrl\":\"https:\/\/swiat-tektury.pl\/wp-content\/uploads\/2019\/10\/WIAT-TEKTURY-LOGOTYP-01-e1572440309804.png\",\"width\":1098,\"height\":1098,\"caption\":\"\u015awiat tektury\"},\"image\":{\"@id\":\"http:\/\/swiat-tektury.pl\/en\/#\/schema\/logo\/image\/\"},\"sameAs\":[\"https:\/\/www.facebook.com\/swiattektury\/\",\"https:\/\/www.instagram.com\/swiat_tektury\/\"]}]}<\/script>\n<!-- \/ Yoast SEO plugin. -->","yoast_head_json":{"title":"Totem modu\u0142owy | \u015bwiat-tektury.pl","description":"Ekologiczny ekspozytor modu\u0142owy z tektury. Meble z tektury ociepl\u0105 ka\u017cde wn\u0119trze. \u015awietnie odnajd\u0105 si\u0119 w\u015br\u00f3d tradycyjnych mebli, ale mo\u017cecie te\u017c urz\u0105dzi\u0107 swoje pomieszczenia w ca\u0142o\u015bci z tektury.","robots":{"index":"index","follow":"follow","max-snippet":"max-snippet:-1","max-image-preview":"max-image-preview:large","max-video-preview":"max-video-preview:-1"},"canonical":"https:\/\/swiat-tektury.pl\/en\/product\/totem-modulowy\/","og_locale":"en_GB","og_type":"article","og_title":"Totem modu\u0142owy | \u015bwiat-tektury.pl","og_description":"Ekologiczny ekspozytor modu\u0142owy z tektury. Meble z tektury ociepl\u0105 ka\u017cde wn\u0119trze. \u015awietnie odnajd\u0105 si\u0119 w\u015br\u00f3d tradycyjnych mebli, ale mo\u017cecie te\u017c urz\u0105dzi\u0107 swoje pomieszczenia w ca\u0142o\u015bci z tektury.","og_url":"https:\/\/swiat-tektury.pl\/en\/product\/totem-modulowy\/","og_site_name":"\u015bwiat-tektury.pl","article_publisher":"https:\/\/www.facebook.com\/swiattektury\/","article_modified_time":"2023-09-18T11:17:49+00:00","og_image":[{"width":1920,"height":1920,"url":"https:\/\/swiat-tektury.pl\/wp-content\/uploads\/2023\/04\/Totem-modulowy.jpg","type":"image\/jpeg"}],"twitter_card":"summary_large_image","twitter_misc":{"Estimated reading time":"1 minute"},"schema":{"@context":"https:\/\/schema.org","@graph":[{"@type":"WebPage","@id":"https:\/\/swiat-tektury.pl\/produkt\/totem-modulowy\/","url":"https:\/\/swiat-tektury.pl\/produkt\/totem-modulowy\/","name":"Totem modu\u0142owy | \u015bwiat-tektury.pl","isPartOf":{"@id":"http:\/\/swiat-tektury.pl\/en\/#website"},"primaryImageOfPage":{"@id":"https:\/\/swiat-tektury.pl\/produkt\/totem-modulowy\/#primaryimage"},"image":{"@id":"https:\/\/swiat-tektury.pl\/produkt\/totem-modulowy\/#primaryimage"},"thumbnailUrl":"https:\/\/swiat-tektury.pl\/wp-content\/uploads\/2023\/04\/Totem-modulowy.jpg","datePublished":"2023-04-11T09:48:17+00:00","dateModified":"2023-09-18T11:17:49+00:00","description":"Ekologiczny ekspozytor modu\u0142owy z tektury. Meble z tektury ociepl\u0105 ka\u017cde wn\u0119trze. \u015awietnie odnajd\u0105 si\u0119 w\u015br\u00f3d tradycyjnych mebli, ale mo\u017cecie te\u017c urz\u0105dzi\u0107 swoje pomieszczenia w ca\u0142o\u015bci z tektury.","breadcrumb":{"@id":"https:\/\/swiat-tektury.pl\/produkt\/totem-modulowy\/#breadcrumb"},"inLanguage":"en-GB","potentialAction":[{"@type":"ReadAction","target":["https:\/\/swiat-tektury.pl\/produkt\/totem-modulowy\/"]}]},{"@type":"ImageObject","inLanguage":"en-GB","@id":"https:\/\/swiat-tektury.pl\/produkt\/totem-modulowy\/#primaryimage","url":"https:\/\/swiat-tektury.pl\/wp-content\/uploads\/2023\/04\/Totem-modulowy.jpg","contentUrl":"https:\/\/swiat-tektury.pl\/wp-content\/uploads\/2023\/04\/Totem-modulowy.jpg","width":1920,"height":1920},{"@type":"BreadcrumbList","@id":"https:\/\/swiat-tektury.pl\/produkt\/totem-modulowy\/#breadcrumb","itemListElement":[{"@type":"ListItem","position":1,"name":"Strona g\u0142\u00f3wna","item":"http:\/\/swiat-tektury.pl\/en\/"},{"@type":"ListItem","position":2,"name":"Sklep","item":"http:\/\/swiat-tektury.pl\/sklep\/"},{"@type":"ListItem","position":3,"name":"Totem modu\u0142owy"}]},{"@type":"WebSite","@id":"http:\/\/swiat-tektury.pl\/en\/#website","url":"http:\/\/swiat-tektury.pl\/en\/","name":"\u015bwiat-tektury.pl","description":"Ekologiczne meble z tektury","publisher":{"@id":"http:\/\/swiat-tektury.pl\/en\/#organization"},"potentialAction":[{"@type":"SearchAction","target":{"@type":"EntryPoint","urlTemplate":"http:\/\/swiat-tektury.pl\/en\/?s={search_term_string}"},"query-input":{"@type":"PropertyValueSpecification","valueRequired":true,"valueName":"search_term_string"}}],"inLanguage":"en-GB"},{"@type":"Organization","@id":"http:\/\/swiat-tektury.pl\/en\/#organization","name":"\u015awiat tektury","url":"http:\/\/swiat-tektury.pl\/en\/","logo":{"@type":"ImageObject","inLanguage":"en-GB","@id":"http:\/\/swiat-tektury.pl\/en\/#\/schema\/logo\/image\/","url":"https:\/\/swiat-tektury.pl\/wp-content\/uploads\/2019\/10\/WIAT-TEKTURY-LOGOTYP-01-e1572440309804.png","contentUrl":"https:\/\/swiat-tektury.pl\/wp-content\/uploads\/2019\/10\/WIAT-TEKTURY-LOGOTYP-01-e1572440309804.png","width":1098,"height":1098,"caption":"\u015awiat tektury"},"image":{"@id":"http:\/\/swiat-tektury.pl\/en\/#\/schema\/logo\/image\/"},"sameAs":["https:\/\/www.facebook.com\/swiattektury\/","https:\/\/www.instagram.com\/swiat_tektury\/"]}]}},"_links":{"self":[{"href":"https:\/\/swiat-tektury.pl\/en\/wp-json\/wp\/v2\/product\/13018","targetHints":{"allow":["GET"]}}],"collection":[{"href":"https:\/\/swiat-tektury.pl\/en\/wp-json\/wp\/v2\/product"}],"about":[{"href":"https:\/\/swiat-tektury.pl\/en\/wp-json\/wp\/v2\/types\/product"}],"wp:featuredmedia":[{"embeddable":true,"href":"https:\/\/swiat-tektury.pl\/en\/wp-json\/wp\/v2\/media\/13020"}],"wp:attachment":[{"href":"https:\/\/swiat-tektury.pl\/en\/wp-json\/wp\/v2\/media?parent=13018"}],"wp:term":[{"taxonomy":"product_brand","embeddable":true,"href":"https:\/\/swiat-tektury.pl\/en\/wp-json\/wp\/v2\/product_brand?post=13018"},{"taxonomy":"product_cat","embeddable":true,"href":"https:\/\/swiat-tektury.pl\/en\/wp-json\/wp\/v2\/product_cat?post=13018"},{"taxonomy":"product_tag","embeddable":true,"href":"https:\/\/swiat-tektury.pl\/en\/wp-json\/wp\/v2\/product_tag?post=13018"}],"curies":[{"name":"wp","href":"https:\/\/api.w.org\/{rel}","templated":true}]}}